{"id":53,"date":"2024-04-01T14:53:59","date_gmt":"2024-04-01T12:53:59","guid":{"rendered":"https:\/\/www.budo-bruxelles.be\/?page_id=53"},"modified":"2025-10-08T21:08:33","modified_gmt":"2025-10-08T19:08:33","slug":"les-cours-de-judo","status":"publish","type":"page","link":"https:\/\/www.budo-bruxelles.be\/index.php\/les-cours-de-judo\/","title":{"rendered":"Les cours de judo"},"content":{"rendered":"\n<div class=\"wp-block-group\"><div class=\"wp-block-group__inner-container is-layout-constrained wp-block-group-is-layout-constrained\">\n<figure class=\"wp-block-gallery has-nested-images columns-default is-cropped wp-block-gallery-1 is-layout-flex wp-block-gallery-is-layout-flex\">\n<figure class=\"wp-block-image size-large\"><img loading=\"lazy\" decoding=\"async\" width=\"1024\" height=\"478\" data-id=\"58\" src=\"https:\/\/www.budo-bruxelles.be\/wp-content\/uploads\/2024\/04\/20230422_122058-1024x478.jpg\" alt=\"\" class=\"wp-image-58\" srcset=\"https:\/\/www.budo-bruxelles.be\/wp-content\/uploads\/2024\/04\/20230422_122058-1024x478.jpg 1024w, https:\/\/www.budo-bruxelles.be\/wp-content\/uploads\/2024\/04\/20230422_122058-300x140.jpg 300w, https:\/\/www.budo-bruxelles.be\/wp-content\/uploads\/2024\/04\/20230422_122058-768x359.jpg 768w, https:\/\/www.budo-bruxelles.be\/wp-content\/uploads\/2024\/04\/20230422_122058-1536x717.jpg 1536w, https:\/\/www.budo-bruxelles.be\/wp-content\/uploads\/2024\/04\/20230422_122058-2048x956.jpg 2048w\" sizes=\"auto, (max-width: 1024px) 100vw, 1024px\" \/><\/figure>\n\n\n\n<figure class=\"wp-block-image size-large\"><img loading=\"lazy\" decoding=\"async\" width=\"1024\" height=\"478\" data-id=\"57\" src=\"https:\/\/www.budo-bruxelles.be\/wp-content\/uploads\/2024\/04\/20230422_121532-1024x478.jpg\" alt=\"\" class=\"wp-image-57\" srcset=\"https:\/\/www.budo-bruxelles.be\/wp-content\/uploads\/2024\/04\/20230422_121532-1024x478.jpg 1024w, https:\/\/www.budo-bruxelles.be\/wp-content\/uploads\/2024\/04\/20230422_121532-300x140.jpg 300w, https:\/\/www.budo-bruxelles.be\/wp-content\/uploads\/2024\/04\/20230422_121532-768x359.jpg 768w, https:\/\/www.budo-bruxelles.be\/wp-content\/uploads\/2024\/04\/20230422_121532-1536x717.jpg 1536w, https:\/\/www.budo-bruxelles.be\/wp-content\/uploads\/2024\/04\/20230422_121532-2048x956.jpg 2048w\" sizes=\"auto, (max-width: 1024px) 100vw, 1024px\" \/><\/figure>\n<\/figure>\n<\/div><\/div>\n\n\n\n<h3 class=\"wp-block-heading\">Une \u00e9quipe de professeurs&nbsp;dipl\u00f4mes ADEPS<\/h3>\n\n\n\n<ul class=\"wp-block-list\">\n<li>Sous la direction technique de <a href=\"judo_prof.htm#Pagnoulle\" target=\"_blank\" rel=\"noreferrer noopener\">Marc Pagnoulle<\/a>&nbsp;ceinture noire 7<sup>\u00e8me&nbsp;<\/sup>Dan, 5 fois champion de Belgique et m\u00e9daill\u00e9 de bronze en championnat d&rsquo;Europe de kata en 2005 \u00e0 Londres. <\/li>\n\n\n\n<li>Axel Borremans ceinture noire 3\u00e8me Dan, arbitre national.<\/li>\n\n\n\n<li>Naoufal Ez-Zerrad ceinture noire 5\u00e8me Dan, a remport\u00e9 la m\u00e9daille de bronze aux Championnats d&rsquo;Europe juniors en 2017 \u00e0 Maribor. Il a remport\u00e9 la m\u00e9daille d&rsquo;or lors de la Coupe d&rsquo;Europe \u00e0 Gdynia en 2017, la m\u00e9daille de bronze lors de la Coupe d&rsquo;Europe \u00e0 Uster en 2019. Il obtient aussi de nombreux r\u00e9sultats en tournois internationaux et 10 m\u00e9dailles en championnat de Belgique dont 3 en or.<\/li>\n\n\n\n<li>Nathan Clavie ceinture noire 2\u00e8me Dan<\/li>\n\n\n\n<li>Sullivan Fran\u00e7ois ceinture noire 2\u00e8me Dan<\/li>\n\n\n\n<li>Olivia Vanderniepen ceinture noire 1\u00e8re Dan<\/li>\n\n\n\n<li>Pascale et Lionel (encadrants des jeunes judokas)<\/li>\n<\/ul>\n\n\n\n<h3 class=\"wp-block-heading\">R\u00e9f\u00e9rences du Judo belge<\/h3>\n\n\n\n<ul class=\"wp-block-list\">\n<li>De multiples m\u00e9dailles aux championnats d&rsquo;Europe, du Monde et aux Jeux olympiques.&nbsp;Mathias Casse, Toma Nikiforov, Jorre Verstraeten sont nos plus beaux ambassadeurs. Ils sont suivis par une belle \u00e9quipe de judokas talentueux.<\/li>\n<\/ul>\n\n\n\n<h3 class=\"wp-block-heading\">Nos r\u00e9f\u00e9rences<\/h3>\n\n\n\n<ul class=\"wp-block-list\">\n<li><strong><a href=\"https:\/\/www.budo-bruxelles.be\/index.php\/nos-champions\/\">Plusieurs champions de Belgique dans le club<\/a><\/strong>&nbsp;&#8211; Equipes &#8211; D\u00e9placements \u00e0 l&rsquo;\u00e9tranger.<\/li>\n<\/ul>\n\n\n\n<h3 class=\"wp-block-heading\">Horaire<\/h3>\n\n\n\n<figure class=\"wp-block-table\"><table><tbody><tr><th>&nbsp;<\/th><th><strong>LUNDI<\/strong><\/th><th><strong>MERCREDI<\/strong><\/th><th><strong>VENDREDI<\/strong><\/th><th><strong>SAMEDI<\/strong><\/th><\/tr><tr><td>8 \u00e0 13 ans<\/td><td>&nbsp;<\/td><td>17H30 \u00e0 18H45&nbsp;&nbsp;&nbsp;&nbsp;<\/td><td>17H30 \u00e0 18H45<\/td><td>9H30\u00e0 10H45<\/td><\/tr><tr><td>+ de 13 ans<\/td><td>19H00 \u00e0 20H30&nbsp;<em><strong><sup>(1)<\/sup><\/strong><\/em><\/td><td>19H00 \u00e0 20H30&nbsp;&nbsp;&nbsp;&nbsp;<\/td><td>19H00 \u00e0 20H30<\/td><td>&nbsp;<\/td><\/tr><\/tbody><\/table><\/figure>\n\n\n\n<p><em><strong><sup>(1)<\/sup><\/strong><\/em>&nbsp;: Entra\u00eenement r\u00e9gional r\u00e9serv\u00e9 aux ceintures vertes et plus : 156 rue CHARLES JAUMOTTE &#8211; LIMAL<\/p>\n\n\n\n<p><strong><em><a href=\"https:\/\/www.budo-bruxelles.be\/index.php\/un-cours-specifique-a-cette-tranche-dage\/\" data-type=\"page\" data-id=\"79\">Pour les enfants de moins de 8 ans (psychomotricit\u00e9)<\/a><\/em><\/strong><\/p>\n\n\n\n<hr class=\"wp-block-separator has-alpha-channel-opacity\"\/>\n\n\n\n<h3 class=\"wp-block-heading\">Demande d&rsquo;informations<\/h3>\n\n\n\n<p>Marc Pagnoulle &#8211; Pascale Dedecker<br><strong>T\u00e9l\u00e9phone : 02\/478.32.65 &#8211; 0498.68.16.65<\/strong><br>50 Rue Emile Wauters 1020 Bruxelles (Atomium)<br><strong>Messagerie \u00e9lectronique<\/strong> : <a href=\"mailto:info@budo-bruxelles.be\">info@budo-bruxelles.be<\/a><\/p>\n","protected":false},"excerpt":{"rendered":"<p>Une \u00e9quipe de professeurs&nbsp;dipl\u00f4mes ADEPS R\u00e9f\u00e9rences du Judo belge Nos r\u00e9f\u00e9rences Horaire &nbsp; LUNDI MERCREDI VENDREDI SAMEDI 8 \u00e0 13 ans &nbsp; 17H30 \u00e0 18H45&nbsp;&nbsp;&nbsp;&nbsp; 17H30 \u00e0 18H45 9H30\u00e0 10H45 + de 13 ans 19H00 \u00e0 20H30&nbsp;(1) 19H00 \u00e0 20H30&nbsp;&nbsp;&nbsp;&nbsp; 19H00 \u00e0 20H30 &nbsp; (1)&nbsp;: Entra\u00eenement r\u00e9gional r\u00e9serv\u00e9 aux ceintures vertes et plus : 156 [&hellip;]<\/p>\n","protected":false},"author":1,"featured_media":0,"parent":0,"menu_order":0,"comment_status":"closed","ping_status":"closed","template":"","meta":{"footnotes":""},"class_list":["post-53","page","type-page","status-publish","hentry"],"_links":{"self":[{"href":"https:\/\/www.budo-bruxelles.be\/index.php\/wp-json\/wp\/v2\/pages\/53","targetHints":{"allow":["GET"]}}],"collection":[{"href":"https:\/\/www.budo-bruxelles.be\/index.php\/wp-json\/wp\/v2\/pages"}],"about":[{"href":"https:\/\/www.budo-bruxelles.be\/index.php\/wp-json\/wp\/v2\/types\/page"}],"author":[{"embeddable":true,"href":"https:\/\/www.budo-bruxelles.be\/index.php\/wp-json\/wp\/v2\/users\/1"}],"replies":[{"embeddable":true,"href":"https:\/\/www.budo-bruxelles.be\/index.php\/wp-json\/wp\/v2\/comments?post=53"}],"version-history":[{"count":6,"href":"https:\/\/www.budo-bruxelles.be\/index.php\/wp-json\/wp\/v2\/pages\/53\/revisions"}],"predecessor-version":[{"id":389,"href":"https:\/\/www.budo-bruxelles.be\/index.php\/wp-json\/wp\/v2\/pages\/53\/revisions\/389"}],"wp:attachment":[{"href":"https:\/\/www.budo-bruxelles.be\/index.php\/wp-json\/wp\/v2\/media?parent=53"}],"curies":[{"name":"wp","href":"https:\/\/api.w.org\/{rel}","templated":true}]}}